{"id":8,"date":"2018-02-21T21:19:18","date_gmt":"2018-02-21T20:19:18","guid":{"rendered":"http:\/\/www.section-aero.fr\/?page_id=8"},"modified":"2018-02-21T23:09:33","modified_gmt":"2018-02-21T22:09:33","slug":"a-propos-de","status":"publish","type":"page","link":"https:\/\/www.section-aero.fr\/index.php\/a-propos-de\/","title":{"rendered":"D\u00e9couvrir l&rsquo;a\u00e9ronautique en classe de seconde"},"content":{"rendered":"<p>La section d&rsquo;initiation a\u00e9ronautique est une classe de seconde g\u00e9n\u00e9rale dans laquelle vous recevrez une initiation \u00e0 l\u2019a\u00e9ronautique qui vous permettra de d\u00e9couvrir les diff\u00e9rentes composantes de l\u2019a\u00e9ronautique et de l\u2019espace, que ce soit pour vos loisirs ou pour pr\u00e9parer une orientation professionnelle. Une pr\u00e9paration au Brevet d\u2019Initiation A\u00e9ronautique est comprise dans la formation.\u00a0<em>Vous choisissez vos options de seconde ind\u00e9pendamment de la section a\u00e9ronautique.<\/em><\/p>\n<p>L\u2019activit\u00e9 de la section comporte 2 heures de cours par semaine, des visites de sites a\u00e9ronautiques, de s\u00e9ances pratiques et d\u2019une initiation au pilotage :<\/p>\n<p>Des cours d\u2019a\u00e9ronautique pour vous faire d\u00e9couvrir ses diff\u00e9rents aspects<\/p>\n<ul>\n<li>A\u00e9rodynamique : effet de l\u2019air sur un objet, caract\u00e9ristiques d\u2019un profil<\/li>\n<li>M\u00e9canique du vol : l&rsquo;\u00e9quilibre de l&rsquo;avion, les forces en pr\u00e9sence<\/li>\n<li>Connaissance de l&rsquo;avion : structure des avions, instruments de bord et motorisation.<\/li>\n<li>M\u00e9t\u00e9orologie: les nuages, les perturbations, la m\u00e9t\u00e9o pour les pilotes<\/li>\n<li>Navigation : les m\u00e9thodes pour naviguer<\/li>\n<li>S\u00e9curit\u00e9 et r\u00e9glementation : les r\u00e8gle de la circulation a\u00e9rienne<\/li>\n<li>Histoire de l&rsquo;air et de l&rsquo;espace<\/li>\n<li>des applications a\u00e9ronautiques dans les disciplines traditionnelles de classe de seconde.<\/li>\n<\/ul>\n<p>Des informations sur les m\u00e9tiers pour vous aider \u00e0 construire votre avenir.<\/p>\n<ul>\n<li>Les m\u00e9tiers de l&rsquo;a\u00e9ronautique<\/li>\n<li>Les fili\u00e8res scolaires et professionnelles<\/li>\n<\/ul>\n<p>Des visites de sites industriels, associatifs et culturels compl\u00e8tent et illustrent la formation th\u00e9orique :<\/p>\n<ul>\n<li>L&rsquo;industrie a\u00e9ronautique avec Daher\/SOCATA (Ossun)<\/li>\n<li>La tour de contr\u00f4le de l&rsquo;A\u00e9roport de Tarbes-Lourdes-Pyr\u00e9n\u00e9es (Ossun)<\/li>\n<li>Les associations sportives et la base h\u00e9licopt\u00e8re de la gendarmerie de l&rsquo;A\u00e9rodrome de Tarbes-Laloub\u00e8re :<\/li>\n<li>L&rsquo;a\u00e9ronautique militaire d&rsquo;une base a\u00e9rienne<\/li>\n<\/ul>\n","protected":false},"excerpt":{"rendered":"<p>La section d&rsquo;initiation a\u00e9ronautique est une classe de seconde g\u00e9n\u00e9rale dans laquelle vous recevrez une initiation \u00e0 l\u2019a\u00e9ronautique qui vous permettra de d\u00e9couvrir les diff\u00e9rentes composantes de l\u2019a\u00e9ronautique et de l\u2019espace, que ce soit pour vos loisirs ou pour pr\u00e9parer une orientation professionnelle. Une pr\u00e9paration au Brevet d\u2019Initiation A\u00e9ronautique est comprise dans la formation.\u00a0Vous choisissez &hellip; <\/p>\n<p class=\"link-more\"><a href=\"https:\/\/www.section-aero.fr\/index.php\/a-propos-de\/\" class=\"more-link\">Continuer la lecture<span class=\"screen-reader-text\"> de &laquo;&nbsp;D\u00e9couvrir l&rsquo;a\u00e9ronautique en classe de seconde&nbsp;&raquo;<\/span><\/a><\/p>\n","protected":false},"author":1,"featured_media":36,"parent":0,"menu_order":0,"comment_status":"closed","ping_status":"closed","template":"","meta":{"footnotes":""},"class_list":["post-8","page","type-page","status-publish","has-post-thumbnail","hentry"],"yoast_head":"<!-- This site is optimized with the Yoast SEO plugin v27.5 - https:\/\/yoast.com\/product\/yoast-seo-wordpress\/ -->\n<title>D\u00e9couvrir l&#039;a\u00e9ronautique en classe de seconde - Section d&#039;Initiation A\u00e9ronautique<\/title>\n<meta name=\"robots\" content=\"index, follow, max-snippet:-1, max-image-preview:large, max-video-preview:-1\" \/>\n<link rel=\"canonical\" href=\"https:\/\/www.section-aero.fr\/index.php\/a-propos-de\/\" \/>\n<meta property=\"og:locale\" content=\"fr_FR\" \/>\n<meta property=\"og:type\" content=\"article\" \/>\n<meta property=\"og:title\" content=\"D\u00e9couvrir l&#039;a\u00e9ronautique en classe de seconde - Section d&#039;Initiation A\u00e9ronautique\" \/>\n<meta property=\"og:description\" content=\"La section d&rsquo;initiation a\u00e9ronautique est une classe de seconde g\u00e9n\u00e9rale dans laquelle vous recevrez une initiation \u00e0 l\u2019a\u00e9ronautique qui vous permettra de d\u00e9couvrir les diff\u00e9rentes composantes de l\u2019a\u00e9ronautique et de l\u2019espace, que ce soit pour vos loisirs ou pour pr\u00e9parer une orientation professionnelle. Une pr\u00e9paration au Brevet d\u2019Initiation A\u00e9ronautique est comprise dans la formation.\u00a0Vous choisissez &hellip; Continuer la lecture de &laquo;&nbsp;D\u00e9couvrir l&rsquo;a\u00e9ronautique en classe de seconde&nbsp;&raquo;\" \/>\n<meta property=\"og:url\" content=\"https:\/\/www.section-aero.fr\/index.php\/a-propos-de\/\" \/>\n<meta property=\"og:site_name\" content=\"Section d&#039;Initiation A\u00e9ronautique\" \/>\n<meta property=\"article:publisher\" content=\"https:\/\/www.facebook.com\/sectionaero\" \/>\n<meta property=\"article:modified_time\" content=\"2018-02-21T22:09:33+00:00\" \/>\n<meta property=\"og:image\" content=\"https:\/\/www.section-aero.fr\/wp-content\/uploads\/2018\/02\/20160323_3515.jpg\" \/>\n\t<meta property=\"og:image:width\" content=\"4000\" \/>\n\t<meta property=\"og:image:height\" content=\"3000\" \/>\n\t<meta property=\"og:image:type\" content=\"image\/jpeg\" \/>\n<meta name=\"twitter:card\" content=\"summary_large_image\" \/>\n<meta name=\"twitter:label1\" content=\"Dur\u00e9e de lecture estim\u00e9e\" \/>\n\t<meta name=\"twitter:data1\" content=\"1 minute\" \/>\n<script type=\"application\/ld+json\" class=\"yoast-schema-graph\">{\"@context\":\"https:\\\/\\\/schema.org\",\"@graph\":[{\"@type\":\"WebPage\",\"@id\":\"https:\\\/\\\/www.section-aero.fr\\\/index.php\\\/a-propos-de\\\/\",\"url\":\"https:\\\/\\\/www.section-aero.fr\\\/index.php\\\/a-propos-de\\\/\",\"name\":\"D\u00e9couvrir l'a\u00e9ronautique en classe de seconde - Section d&#039;Initiation A\u00e9ronautique\",\"isPartOf\":{\"@id\":\"https:\\\/\\\/www.section-aero.fr\\\/#website\"},\"primaryImageOfPage\":{\"@id\":\"https:\\\/\\\/www.section-aero.fr\\\/index.php\\\/a-propos-de\\\/#primaryimage\"},\"image\":{\"@id\":\"https:\\\/\\\/www.section-aero.fr\\\/index.php\\\/a-propos-de\\\/#primaryimage\"},\"thumbnailUrl\":\"https:\\\/\\\/www.section-aero.fr\\\/wp-content\\\/uploads\\\/2018\\\/02\\\/20160323_3515.jpg\",\"datePublished\":\"2018-02-21T20:19:18+00:00\",\"dateModified\":\"2018-02-21T22:09:33+00:00\",\"breadcrumb\":{\"@id\":\"https:\\\/\\\/www.section-aero.fr\\\/index.php\\\/a-propos-de\\\/#breadcrumb\"},\"inLanguage\":\"fr-FR\",\"potentialAction\":[{\"@type\":\"ReadAction\",\"target\":[\"https:\\\/\\\/www.section-aero.fr\\\/index.php\\\/a-propos-de\\\/\"]}]},{\"@type\":\"ImageObject\",\"inLanguage\":\"fr-FR\",\"@id\":\"https:\\\/\\\/www.section-aero.fr\\\/index.php\\\/a-propos-de\\\/#primaryimage\",\"url\":\"https:\\\/\\\/www.section-aero.fr\\\/wp-content\\\/uploads\\\/2018\\\/02\\\/20160323_3515.jpg\",\"contentUrl\":\"https:\\\/\\\/www.section-aero.fr\\\/wp-content\\\/uploads\\\/2018\\\/02\\\/20160323_3515.jpg\",\"width\":4000,\"height\":3000,\"caption\":\"Des visites endant l'ann\u00e9e pour d\u00e9couvrir un panorama des m\u00e9tiers de l'a\u00e9ronautique comme les fili\u00e8re militaires.\"},{\"@type\":\"BreadcrumbList\",\"@id\":\"https:\\\/\\\/www.section-aero.fr\\\/index.php\\\/a-propos-de\\\/#breadcrumb\",\"itemListElement\":[{\"@type\":\"ListItem\",\"position\":1,\"name\":\"Accueil\",\"item\":\"https:\\\/\\\/www.section-aero.fr\\\/\"},{\"@type\":\"ListItem\",\"position\":2,\"name\":\"D\u00e9couvrir l&rsquo;a\u00e9ronautique en classe de seconde\"}]},{\"@type\":\"WebSite\",\"@id\":\"https:\\\/\\\/www.section-aero.fr\\\/#website\",\"url\":\"https:\\\/\\\/www.section-aero.fr\\\/\",\"name\":\"Section d'Initiation A\u00e9ronautique\",\"description\":\"D\u00e9couvrez l&#039;a\u00e9ronautique en classe de 2nde au Lyc\u00e9e Jean Dupuy\",\"potentialAction\":[{\"@type\":\"SearchAction\",\"target\":{\"@type\":\"EntryPoint\",\"urlTemplate\":\"https:\\\/\\\/www.section-aero.fr\\\/?s={search_term_string}\"},\"query-input\":{\"@type\":\"PropertyValueSpecification\",\"valueRequired\":true,\"valueName\":\"search_term_string\"}}],\"inLanguage\":\"fr-FR\"}]}<\/script>\n<!-- \/ Yoast SEO plugin. -->","yoast_head_json":{"title":"D\u00e9couvrir l'a\u00e9ronautique en classe de seconde - Section d&#039;Initiation A\u00e9ronautique","robots":{"index":"index","follow":"follow","max-snippet":"max-snippet:-1","max-image-preview":"max-image-preview:large","max-video-preview":"max-video-preview:-1"},"canonical":"https:\/\/www.section-aero.fr\/index.php\/a-propos-de\/","og_locale":"fr_FR","og_type":"article","og_title":"D\u00e9couvrir l'a\u00e9ronautique en classe de seconde - Section d&#039;Initiation A\u00e9ronautique","og_description":"La section d&rsquo;initiation a\u00e9ronautique est une classe de seconde g\u00e9n\u00e9rale dans laquelle vous recevrez une initiation \u00e0 l\u2019a\u00e9ronautique qui vous permettra de d\u00e9couvrir les diff\u00e9rentes composantes de l\u2019a\u00e9ronautique et de l\u2019espace, que ce soit pour vos loisirs ou pour pr\u00e9parer une orientation professionnelle. Une pr\u00e9paration au Brevet d\u2019Initiation A\u00e9ronautique est comprise dans la formation.\u00a0Vous choisissez &hellip; Continuer la lecture de &laquo;&nbsp;D\u00e9couvrir l&rsquo;a\u00e9ronautique en classe de seconde&nbsp;&raquo;","og_url":"https:\/\/www.section-aero.fr\/index.php\/a-propos-de\/","og_site_name":"Section d&#039;Initiation A\u00e9ronautique","article_publisher":"https:\/\/www.facebook.com\/sectionaero","article_modified_time":"2018-02-21T22:09:33+00:00","og_image":[{"width":4000,"height":3000,"url":"https:\/\/www.section-aero.fr\/wp-content\/uploads\/2018\/02\/20160323_3515.jpg","type":"image\/jpeg"}],"twitter_card":"summary_large_image","twitter_misc":{"Dur\u00e9e de lecture estim\u00e9e":"1 minute"},"schema":{"@context":"https:\/\/schema.org","@graph":[{"@type":"WebPage","@id":"https:\/\/www.section-aero.fr\/index.php\/a-propos-de\/","url":"https:\/\/www.section-aero.fr\/index.php\/a-propos-de\/","name":"D\u00e9couvrir l'a\u00e9ronautique en classe de seconde - Section d&#039;Initiation A\u00e9ronautique","isPartOf":{"@id":"https:\/\/www.section-aero.fr\/#website"},"primaryImageOfPage":{"@id":"https:\/\/www.section-aero.fr\/index.php\/a-propos-de\/#primaryimage"},"image":{"@id":"https:\/\/www.section-aero.fr\/index.php\/a-propos-de\/#primaryimage"},"thumbnailUrl":"https:\/\/www.section-aero.fr\/wp-content\/uploads\/2018\/02\/20160323_3515.jpg","datePublished":"2018-02-21T20:19:18+00:00","dateModified":"2018-02-21T22:09:33+00:00","breadcrumb":{"@id":"https:\/\/www.section-aero.fr\/index.php\/a-propos-de\/#breadcrumb"},"inLanguage":"fr-FR","potentialAction":[{"@type":"ReadAction","target":["https:\/\/www.section-aero.fr\/index.php\/a-propos-de\/"]}]},{"@type":"ImageObject","inLanguage":"fr-FR","@id":"https:\/\/www.section-aero.fr\/index.php\/a-propos-de\/#primaryimage","url":"https:\/\/www.section-aero.fr\/wp-content\/uploads\/2018\/02\/20160323_3515.jpg","contentUrl":"https:\/\/www.section-aero.fr\/wp-content\/uploads\/2018\/02\/20160323_3515.jpg","width":4000,"height":3000,"caption":"Des visites endant l'ann\u00e9e pour d\u00e9couvrir un panorama des m\u00e9tiers de l'a\u00e9ronautique comme les fili\u00e8re militaires."},{"@type":"BreadcrumbList","@id":"https:\/\/www.section-aero.fr\/index.php\/a-propos-de\/#breadcrumb","itemListElement":[{"@type":"ListItem","position":1,"name":"Accueil","item":"https:\/\/www.section-aero.fr\/"},{"@type":"ListItem","position":2,"name":"D\u00e9couvrir l&rsquo;a\u00e9ronautique en classe de seconde"}]},{"@type":"WebSite","@id":"https:\/\/www.section-aero.fr\/#website","url":"https:\/\/www.section-aero.fr\/","name":"Section d'Initiation A\u00e9ronautique","description":"D\u00e9couvrez l&#039;a\u00e9ronautique en classe de 2nde au Lyc\u00e9e Jean Dupuy","potentialAction":[{"@type":"SearchAction","target":{"@type":"EntryPoint","urlTemplate":"https:\/\/www.section-aero.fr\/?s={search_term_string}"},"query-input":{"@type":"PropertyValueSpecification","valueRequired":true,"valueName":"search_term_string"}}],"inLanguage":"fr-FR"}]}},"_links":{"self":[{"href":"https:\/\/www.section-aero.fr\/index.php\/wp-json\/wp\/v2\/pages\/8","targetHints":{"allow":["GET"]}}],"collection":[{"href":"https:\/\/www.section-aero.fr\/index.php\/wp-json\/wp\/v2\/pages"}],"about":[{"href":"https:\/\/www.section-aero.fr\/index.php\/wp-json\/wp\/v2\/types\/page"}],"author":[{"embeddable":true,"href":"https:\/\/www.section-aero.fr\/index.php\/wp-json\/wp\/v2\/users\/1"}],"replies":[{"embeddable":true,"href":"https:\/\/www.section-aero.fr\/index.php\/wp-json\/wp\/v2\/comments?post=8"}],"version-history":[{"count":7,"href":"https:\/\/www.section-aero.fr\/index.php\/wp-json\/wp\/v2\/pages\/8\/revisions"}],"predecessor-version":[{"id":71,"href":"https:\/\/www.section-aero.fr\/index.php\/wp-json\/wp\/v2\/pages\/8\/revisions\/71"}],"wp:featuredmedia":[{"embeddable":true,"href":"https:\/\/www.section-aero.fr\/index.php\/wp-json\/wp\/v2\/media\/36"}],"wp:attachment":[{"href":"https:\/\/www.section-aero.fr\/index.php\/wp-json\/wp\/v2\/media?parent=8"}],"curies":[{"name":"wp","href":"https:\/\/api.w.org\/{rel}","templated":true}]}}